{"id":7912,"date":"2023-12-20T13:53:06","date_gmt":"2023-12-20T12:53:06","guid":{"rendered":"https:\/\/www.belgique-abonnements.be\/?post_type=product&#038;p=7912"},"modified":"2026-08-24T11:02:45","modified_gmt":"2026-08-24T09:02:45","slug":"historia","status":"publish","type":"product","link":"https:\/\/www.belgique-abonnements.be\/nl\/product\/historia\/","title":{"rendered":"Historia"},"content":{"rendered":"<p><strong>Beschrijving van het magazine :<\/strong><\/p>\n<p><strong>Le pass\u00e9 \u00e9claire le pr\u00e9sent<br \/>\n<\/strong>Plus que jamais, la connaissance du pass\u00e9 est devenue indispensable pour comprendre les \u00e9v\u00e9nements d&rsquo;aujourd&rsquo;hui et les enjeux de demain. Replongez-vous dans les petits et les grands \u00e9v\u00e9nements historiques gr\u00e2ce au magazine Historia.<\/p>\n<p><strong>D\u00e9tails du magazine Historia<br \/>\n<\/strong>Plus que jamais, la connaissance du pass\u00e9 est devenue indispensable pour comprendre les \u00e9v\u00e9nements d&rsquo;aujourd&rsquo;hui : leurs origines, leurs \u00e9volutions et leurs enjeux. Recevez Historia Sp\u00e9cial avec votre abonnement et d\u00e9couvrez un grand sujet d&rsquo;histoire : des r\u00e9cits vivants et p\u00e9dagogiques, un traitement visuel original et riche d&rsquo;une documentation d&rsquo;exception.<\/p>\n<p><strong>Historia, histoire d\u2019un magazine<br \/>\n<\/strong><strong>Historia<\/strong>\u00a0est une\u00a0magazine mensuel d\u2019histoire\u00a0fran\u00e7ais fond\u00e9 en 1909 par un ancien libraire du nom de Jules Tallandier. Il s\u2019agit du plus ancien et du plus lu des magazines de la presse historique fran\u00e7aise. Dans\u00a0<strong>Historia<\/strong>, vous d\u00e9couvrirez des reportages et des enqu\u00eates historiques r\u00e9alis\u00e9s par des historiens renomm\u00e9s.<\/p>","protected":false},"excerpt":{"rendered":"<p>Plus que jamais, la connaissance du pass\u00e9 est devenue indispensable pour comprendre les \u00e9v\u00e9nements d&rsquo;aujourd&rsquo;hui et les enjeux de demain.<\/p>","protected":false},"featured_media":18291,"template":"","meta":{"_acf_changed":false},"product_brand":[],"product_cat":[46],"product_tag":[],"class_list":["post-7912","product","type-product","status-publish","has-post-thumbnail","product_cat-histoire","pa_duree-1-an","pa_duree-2-ans","pa_duree-6-mois","pa_langue-francais","first","instock","sale","shipping-taxable","purchasable","product-type-variable","has-default-attributes"],"acf":[],"_links":{"self":[{"href":"https:\/\/www.belgique-abonnements.be\/nl\/wp-json\/wp\/v2\/product\/7912","targetHints":{"allow":["GET"]}}],"collection":[{"href":"https:\/\/www.belgique-abonnements.be\/nl\/wp-json\/wp\/v2\/product"}],"about":[{"href":"https:\/\/www.belgique-abonnements.be\/nl\/wp-json\/wp\/v2\/types\/product"}],"version-history":[{"count":3,"href":"https:\/\/www.belgique-abonnements.be\/nl\/wp-json\/wp\/v2\/product\/7912\/revisions"}],"predecessor-version":[{"id":17953,"href":"https:\/\/www.belgique-abonnements.be\/nl\/wp-json\/wp\/v2\/product\/7912\/revisions\/17953"}],"wp:featuredmedia":[{"embeddable":true,"href":"https:\/\/www.belgique-abonnements.be\/nl\/wp-json\/wp\/v2\/media\/18291"}],"wp:attachment":[{"href":"https:\/\/www.belgique-abonnements.be\/nl\/wp-json\/wp\/v2\/media?parent=7912"}],"wp:term":[{"taxonomy":"product_brand","embeddable":true,"href":"https:\/\/www.belgique-abonnements.be\/nl\/wp-json\/wp\/v2\/product_brand?post=7912"},{"taxonomy":"product_cat","embeddable":true,"href":"https:\/\/www.belgique-abonnements.be\/nl\/wp-json\/wp\/v2\/product_cat?post=7912"},{"taxonomy":"product_tag","embeddable":true,"href":"https:\/\/www.belgique-abonnements.be\/nl\/wp-json\/wp\/v2\/product_tag?post=7912"}],"curies":[{"name":"wp","href":"https:\/\/api.w.org\/{rel}","templated":true}]}}